{"version":"1.0","provider_name":"Mormaii","provider_url":"https:\/\/www.mormaii.com.br\/site","title":"28\u00ba Sal\u00e3o Internacional do Autom\u00f3vel de S\u00e3o Paulo - Mormaii","type":"rich","width":600,"height":338,"html":"<blockquote class=\"wp-embedded-content\" data-secret=\"IbEsFWv7Ho\"><a href=\"https:\/\/www.mormaii.com.br\/site\/noticias28o-salao-internacional-do-automovel-de-sao-paulo\/\">28\u00ba Sal\u00e3o Internacional do Autom\u00f3vel de S\u00e3o Paulo<\/a><\/blockquote><iframe sandbox=\"allow-scripts\" security=\"restricted\" src=\"https:\/\/www.mormaii.com.br\/site\/noticias28o-salao-internacional-do-automovel-de-sao-paulo\/embed\/#?secret=IbEsFWv7Ho\" width=\"600\" height=\"338\" title=\"&#8220;28\u00ba Sal\u00e3o Internacional do Autom\u00f3vel de S\u00e3o Paulo&#8221; &#8212; Mormaii\" data-secret=\"IbEsFWv7Ho\" frameborder=\"0\" marginwidth=\"0\" marginheight=\"0\" scrolling=\"no\" class=\"wp-embedded-content\"><\/iframe><script type=\"text\/javascript\">\n\/* <![CDATA[ *\/\n\/*! This file is auto-generated *\/\n!function(d,l){\"use strict\";l.querySelector&&d.addEventListener&&\"undefined\"!=typeof URL&&(d.wp=d.wp||{},d.wp.receiveEmbedMessage||(d.wp.receiveEmbedMessage=function(e){var t=e.data;if((t||t.secret||t.message||t.value)&&!\/[^a-zA-Z0-9]\/.test(t.secret)){for(var s,r,n,a=l.querySelectorAll('iframe[data-secret=\"'+t.secret+'\"]'),o=l.querySelectorAll('blockquote[data-secret=\"'+t.secret+'\"]'),c=new RegExp(\"^https?:$\",\"i\"),i=0;i<o.length;i++)o[i].style.display=\"none\";for(i=0;i<a.length;i++)s=a[i],e.source===s.contentWindow&&(s.removeAttribute(\"style\"),\"height\"===t.message?(1e3<(r=parseInt(t.value,10))?r=1e3:~~r<200&&(r=200),s.height=r):\"link\"===t.message&&(r=new URL(s.getAttribute(\"src\")),n=new URL(t.value),c.test(n.protocol))&&n.host===r.host&&l.activeElement===s&&(d.top.location.href=t.value))}},d.addEventListener(\"message\",d.wp.receiveEmbedMessage,!1),l.addEventListener(\"DOMContentLoaded\",function(){for(var e,t,s=l.querySelectorAll(\"iframe.wp-embedded-content\"),r=0;r<s.length;r++)(t=(e=s[r]).getAttribute(\"data-secret\"))||(t=Math.random().toString(36).substring(2,12),e.src+=\"#?secret=\"+t,e.setAttribute(\"data-secret\",t)),e.contentWindow.postMessage({message:\"ready\",secret:t},\"*\")},!1)))}(window,document);\n\/* ]]> *\/\n<\/script>\n","thumbnail_url":"https:\/\/www.mormaii.com.br\/site\/wp-content\/uploads\/2017\/06\/45cb01f9cca68f597a85.jpg","thumbnail_width":1600,"thumbnail_height":959,"description":"De 30\/10 a 09\/11, acontece o 28\u00ba Sal\u00e3o Internacional do Autom\u00f3vel de S\u00e3o Paulo \u2013 a maior feira automobil\u00edstica da Am\u00e9rica Latina. O evento \u00e9 considerado uma verdadeira vitrine para montadoras nacionais e internacionais, al\u00e9m de empresas do ramo de autom\u00f3veis, apresentarem as \u00faltimas novidades do setor no Pavilh\u00e3o de Exposi\u00e7\u00f5es do Anhembi (Av. Olavo [&hellip;]"}